{"version":"1.0","provider_name":"BKS Sarmacja B\u0119dzin","provider_url":"https:\/\/sarmacjabedzin.pl","author_name":"tyrtak","author_url":false,"title":"Pomeczowa wypowied\u017a Karola G\u00f3rala | BKS Sarmacja B\u0119dzin","type":"rich","width":600,"height":338,"html":"<blockquote class=\"wp-embedded-content\" data-secret=\"S7h1CQVCM5\"><a href=\"https:\/\/sarmacjabedzin.pl\/index.php\/2022\/06\/21\/pomeczowa-wypowiedz-karola-gorala-2\/\">Pomeczowa wypowied\u017a Karola G\u00f3rala<\/a><\/blockquote><iframe sandbox=\"allow-scripts\" security=\"restricted\" src=\"https:\/\/sarmacjabedzin.pl\/index.php\/2022\/06\/21\/pomeczowa-wypowiedz-karola-gorala-2\/embed\/#?secret=S7h1CQVCM5\" width=\"600\" height=\"338\" title=\"&#8222;Pomeczowa wypowied\u017a Karola G\u00f3rala&#8221; &#8212; BKS Sarmacja B\u0119dzin\" data-secret=\"S7h1CQVCM5\" frameborder=\"0\" marginwidth=\"0\" marginheight=\"0\" scrolling=\"no\" class=\"wp-embedded-content\"><\/iframe><script type=\"text\/javascript\">\n\/* <![CDATA[ *\/\n\/*! This file is auto-generated *\/\n!function(d,l){\"use strict\";l.querySelector&&d.addEventListener&&\"undefined\"!=typeof URL&&(d.wp=d.wp||{},d.wp.receiveEmbedMessage||(d.wp.receiveEmbedMessage=function(e){var t=e.data;if((t||t.secret||t.message||t.value)&&!\/[^a-zA-Z0-9]\/.test(t.secret)){for(var s,r,n,a=l.querySelectorAll('iframe[data-secret=\"'+t.secret+'\"]'),o=l.querySelectorAll('blockquote[data-secret=\"'+t.secret+'\"]'),c=new RegExp(\"^https?:$\",\"i\"),i=0;i<o.length;i++)o[i].style.display=\"none\";for(i=0;i<a.length;i++)s=a[i],e.source===s.contentWindow&&(s.removeAttribute(\"style\"),\"height\"===t.message?(1e3<(r=parseInt(t.value,10))?r=1e3:~~r<200&&(r=200),s.height=r):\"link\"===t.message&&(r=new URL(s.getAttribute(\"src\")),n=new URL(t.value),c.test(n.protocol))&&n.host===r.host&&l.activeElement===s&&(d.top.location.href=t.value))}},d.addEventListener(\"message\",d.wp.receiveEmbedMessage,!1),l.addEventListener(\"DOMContentLoaded\",function(){for(var e,t,s=l.querySelectorAll(\"iframe.wp-embedded-content\"),r=0;r<s.length;r++)(t=(e=s[r]).getAttribute(\"data-secret\"))||(t=Math.random().toString(36).substring(2,12),e.src+=\"#?secret=\"+t,e.setAttribute(\"data-secret\",t)),e.contentWindow.postMessage({message:\"ready\",secret:t},\"*\")},!1)))}(window,document);\n\/* ]]> *\/\n<\/script>\n","thumbnail_url":"https:\/\/sarmacjabedzin.pl\/wp-content\/uploads\/2021\/08\/Goral.jpg","thumbnail_width":1600,"thumbnail_height":900,"description":"W ostatni\u0105 sobot\u0119 Sarmacja B\u0119dzin na wyje\u017adzie pokona\u0142a rezerwy GKS-u Katowice 1:0 (0:0). Ca\u0142a dru\u017cyna, po zas\u0142u\u017conym zwyci\u0119stwie zas\u0142u\u017cy\u0142a na s\u0142owa uznania. Gola daj\u0105cego nam 3 punkty zdoby\u0142 Karol G\u00f3ral. Tym samym nasz boczny pomocnik ma na swoim koncie 5 goli zdobytych w lidze. Oto co nam powiedzia\u0142 po zako\u0144czonym spotkaniu: \u201eDzie\u0144 dobry. Po \u015brodowym..."}