{"version":"1.0","provider_name":"BKS Sarmacja B\u0119dzin","provider_url":"https:\/\/sarmacjabedzin.pl","author_name":"tyrtak","author_url":false,"title":"Przygotowania rozpocz\u0119te! | BKS Sarmacja B\u0119dzin","type":"rich","width":600,"height":338,"html":"<blockquote class=\"wp-embedded-content\" data-secret=\"e4UGLAEwE8\"><a href=\"https:\/\/sarmacjabedzin.pl\/index.php\/2024\/07\/16\/przygotowania-rozpoczete-6\/\">Przygotowania rozpocz\u0119te!<\/a><\/blockquote><iframe sandbox=\"allow-scripts\" security=\"restricted\" src=\"https:\/\/sarmacjabedzin.pl\/index.php\/2024\/07\/16\/przygotowania-rozpoczete-6\/embed\/#?secret=e4UGLAEwE8\" width=\"600\" height=\"338\" title=\"&#8222;Przygotowania rozpocz\u0119te!&#8221; &#8212; BKS Sarmacja B\u0119dzin\" data-secret=\"e4UGLAEwE8\" frameborder=\"0\" marginwidth=\"0\" marginheight=\"0\" scrolling=\"no\" class=\"wp-embedded-content\"><\/iframe><script type=\"text\/javascript\">\n\/* <![CDATA[ *\/\n\/*! This file is auto-generated *\/\n!function(d,l){\"use strict\";l.querySelector&&d.addEventListener&&\"undefined\"!=typeof URL&&(d.wp=d.wp||{},d.wp.receiveEmbedMessage||(d.wp.receiveEmbedMessage=function(e){var t=e.data;if((t||t.secret||t.message||t.value)&&!\/[^a-zA-Z0-9]\/.test(t.secret)){for(var s,r,n,a=l.querySelectorAll('iframe[data-secret=\"'+t.secret+'\"]'),o=l.querySelectorAll('blockquote[data-secret=\"'+t.secret+'\"]'),c=new RegExp(\"^https?:$\",\"i\"),i=0;i<o.length;i++)o[i].style.display=\"none\";for(i=0;i<a.length;i++)s=a[i],e.source===s.contentWindow&&(s.removeAttribute(\"style\"),\"height\"===t.message?(1e3<(r=parseInt(t.value,10))?r=1e3:~~r<200&&(r=200),s.height=r):\"link\"===t.message&&(r=new URL(s.getAttribute(\"src\")),n=new URL(t.value),c.test(n.protocol))&&n.host===r.host&&l.activeElement===s&&(d.top.location.href=t.value))}},d.addEventListener(\"message\",d.wp.receiveEmbedMessage,!1),l.addEventListener(\"DOMContentLoaded\",function(){for(var e,t,s=l.querySelectorAll(\"iframe.wp-embedded-content\"),r=0;r<s.length;r++)(t=(e=s[r]).getAttribute(\"data-secret\"))||(t=Math.random().toString(36).substring(2,12),e.src+=\"#?secret=\"+t,e.setAttribute(\"data-secret\",t)),e.contentWindow.postMessage({message:\"ready\",secret:t},\"*\")},!1)))}(window,document);\n\/* ]]> *\/\n<\/script>\n","thumbnail_url":"https:\/\/sarmacjabedzin.pl\/wp-content\/uploads\/2021\/05\/Rakow_pilka.jpg","thumbnail_width":1600,"thumbnail_height":1064,"description":"Dnia 15.07.2024 roku pi\u0142karze Sarmacji B\u0119dzin odbyli pierwszy trening pod wodz\u0105 nowego trenera Micha\u0142a Pluty. Mimo trwaj\u0105cych wakacji zebra\u0142a si\u0119 na nim spora grupa zawodnik\u00f3w (19), w\u015br\u00f3d kt\u00f3rych mo\u017cna by\u0142o dostrzec nowe twarze. W nadchodz\u0105cych dniach maj\u0105 si\u0119 pojawi\u0107 kolejni, kt\u00f3rzy chc\u0105 zasili\u0107 kadr\u0119 Sarmacji. Jak stwierdzi\u0142 szkoleniowiec b\u0119dzinian, rozpocz\u0105\u0142 on swoj\u0105 robot\u0119, a pi\u0142karze..."}