{"version":"1.0","provider_name":"BKS Sarmacja B\u0119dzin","provider_url":"https:\/\/sarmacjabedzin.pl","author_name":"tyrtak","author_url":false,"title":"Festiwal bramek w B\u0119dzinie! | BKS Sarmacja B\u0119dzin","type":"rich","width":600,"height":338,"html":"<blockquote class=\"wp-embedded-content\" data-secret=\"mKzL8o2KHq\"><a href=\"https:\/\/sarmacjabedzin.pl\/index.php\/2026\/03\/28\/festiwal-bramek-w-bedzinie\/\">Festiwal bramek w B\u0119dzinie!<\/a><\/blockquote><iframe sandbox=\"allow-scripts\" security=\"restricted\" src=\"https:\/\/sarmacjabedzin.pl\/index.php\/2026\/03\/28\/festiwal-bramek-w-bedzinie\/embed\/#?secret=mKzL8o2KHq\" width=\"600\" height=\"338\" title=\"&#8222;Festiwal bramek w B\u0119dzinie!&#8221; &#8212; BKS Sarmacja B\u0119dzin\" data-secret=\"mKzL8o2KHq\" frameborder=\"0\" marginwidth=\"0\" marginheight=\"0\" scrolling=\"no\" class=\"wp-embedded-content\"><\/iframe><script type=\"text\/javascript\">\n\/* <![CDATA[ *\/\n\/*! This file is auto-generated *\/\n!function(d,l){\"use strict\";l.querySelector&&d.addEventListener&&\"undefined\"!=typeof URL&&(d.wp=d.wp||{},d.wp.receiveEmbedMessage||(d.wp.receiveEmbedMessage=function(e){var t=e.data;if((t||t.secret||t.message||t.value)&&!\/[^a-zA-Z0-9]\/.test(t.secret)){for(var s,r,n,a=l.querySelectorAll('iframe[data-secret=\"'+t.secret+'\"]'),o=l.querySelectorAll('blockquote[data-secret=\"'+t.secret+'\"]'),c=new RegExp(\"^https?:$\",\"i\"),i=0;i<o.length;i++)o[i].style.display=\"none\";for(i=0;i<a.length;i++)s=a[i],e.source===s.contentWindow&&(s.removeAttribute(\"style\"),\"height\"===t.message?(1e3<(r=parseInt(t.value,10))?r=1e3:~~r<200&&(r=200),s.height=r):\"link\"===t.message&&(r=new URL(s.getAttribute(\"src\")),n=new URL(t.value),c.test(n.protocol))&&n.host===r.host&&l.activeElement===s&&(d.top.location.href=t.value))}},d.addEventListener(\"message\",d.wp.receiveEmbedMessage,!1),l.addEventListener(\"DOMContentLoaded\",function(){for(var e,t,s=l.querySelectorAll(\"iframe.wp-embedded-content\"),r=0;r<s.length;r++)(t=(e=s[r]).getAttribute(\"data-secret\"))||(t=Math.random().toString(36).substring(2,12),e.src+=\"#?secret=\"+t,e.setAttribute(\"data-secret\",t)),e.contentWindow.postMessage({message:\"ready\",secret:t},\"*\")},!1)))}(window,document);\n\/* ]]> *\/\n<\/script>\n","thumbnail_url":"http:\/\/sarmacjabedzin.pl\/wp-content\/uploads\/2026\/03\/Go\u0301rnik-social-www.jpg","thumbnail_width":1920,"thumbnail_height":1280,"description":"W sobot\u0119, 28 marca 2026 roku o godzinie 11:00, pi\u0142karze Sarmacji B\u0119dzin rozegrali na w\u0142asnym stadionie spotkanie 18 kolejki ligowej, w kt\u00f3rym zmierzyli si\u0119 z dru\u017cyn\u0105 G\u00f3rnika Sosnowiec. Go\u015bcie z dorobkiem 11 punkt\u00f3w zajmowali 14 miejsce w tabeli, natomiast b\u0119dzinianie, zasiadaj\u0105cy na fotelu lidera, mi\u0119li na swoim koncie 42 oczka. W ostatniej kolejce ligowej G\u00f3rnik..."}